{"id":3,"date":"2025-02-13T13:11:41","date_gmt":"2025-02-13T13:11:41","guid":{"rendered":"https:\/\/insval.ch\/?page_id=3"},"modified":"2025-03-09T12:42:32","modified_gmt":"2025-03-09T12:42:32","slug":"privacy-policy","status":"publish","type":"page","link":"https:\/\/insval.ch\/?page_id=3","title":{"rendered":"Privacy Policy"},"content":{"rendered":"\n<h2 class=\"wp-block-heading has-text-align-center\"><strong>D\u00e9claration de protection des donn\u00e9es<\/strong><\/h2>\n\n\n\n<p style=\"margin-top:var(--wp--preset--spacing--30)\">Bienvenue sur le site Internet de Institut La Vall\u00e9e. La d\u00e9claration de protection des donn\u00e9es suivante, qui s\u2019applique \u00e0 l\u2019utilisation de notre site Internet ainsi qu\u2019aux services qui y sont propos\u00e9s, vous informe sur la collecte de donn\u00e9es \u00e0 caract\u00e8re personnel lors de votre navigation. En utilisant ce site Internet, vous consentez au traitement de vos donn\u00e9es personnelles conform\u00e9ment \u00e0 la pr\u00e9sente d\u00e9claration de protection des donn\u00e9es.<\/p>\n\n\n\n<p>\u200bNous collectons et traitons des donn\u00e9es \u00e0 caract\u00e8re personnel vous concernant dans le respect des lois et exigences en mati\u00e8re de protection des donn\u00e9es en vigueur. Pour le reste, le salon d\u00e9cline toute responsabilit\u00e9 li\u00e9e \u00e0 l\u2019utilisation de ce site Internet.<\/p>\n\n\n\n<p>\u200bEn principe, notre salon n\u2019offre ses services qu\u2019en Suisse et ne s\u2019adresse qu\u2019aux personnes domicili\u00e9es en Suisse.<\/p>\n\n\n\n<p>\u200b<\/p>\n\n\n\n<h4 class=\"wp-block-heading\"><strong>1. Enregistrement de donn\u00e9es et informations g\u00e9n\u00e9rales<\/strong><\/h4>\n\n\n\n<p>Chaque fois que vous consultez le site Internet, une s\u00e9rie de donn\u00e9es et informations g\u00e9n\u00e9rales sont collect\u00e9es puis enregistr\u00e9es dans les fichiers logs du serveur. Les donn\u00e9es recueillies peuvent comprendre<\/p>\n\n\n\n<p>(1) les types de navigateurs et versions utilis\u00e9s, (2) le syst\u00e8me d\u2019exploitation utilis\u00e9 par le syst\u00e8me acc\u00e9dant, (3) le site Internet \u00e0 partir duquel un syst\u00e8me acc\u00e8de \u00e0 notre site Internet (appel\u00e9 r\u00e9f\u00e9rent), (4) les sous- sites accessibles par un syst\u00e8me acc\u00e9dant \u00e0 notre site Internet, (5) la date et l\u2019heure de l\u2019acc\u00e8s au site Internet, (6) une adresse IP (Internet Protocol), (7) le fournisseur de services Internet du syst\u00e8me acc\u00e9dant et (8) d\u2019autres donn\u00e9es et informations similaires servant \u00e0 prot\u00e9ger en cas d\u2019attaques contre notre infrastructure informatique.<\/p>\n\n\n\n<p>\u200b<\/p>\n\n\n\n<p>Ces donn\u00e9es et informations sont n\u00e9cessaires pour (1) pr\u00e9senter correctement le contenu de notre site Internet, (2) optimiser son contenu, (3) garantir le fonctionnement durable de notre infrastructure informatique et des aspects techniques de notre site Internet, et (4) fournir les informations n\u00e9cessaires aux autorit\u00e9s de poursuite p\u00e9nale en cas de cyberattaque.<\/p>\n\n\n\n<p>\u200b<\/p>\n\n\n\n<p>Notre salon peut en outre analyser ces donn\u00e9es et informations, d\u2019une part \u00e0 des fins statistiques et, d\u2019autre part, en vue d\u2019am\u00e9liorer la protection et la s\u00e9curit\u00e9 des donn\u00e9es de notre infrastructure informatique. Les donn\u00e9es et informations collect\u00e9es ne sont trait\u00e9es qu\u2019aux fins susmentionn\u00e9es et sont ensuite effac\u00e9es.<\/p>\n\n\n\n<p>\u200b<\/p>\n\n\n\n<h4 class=\"wp-block-heading\"><strong>2. Liens d\u2019autres sites Internet<\/strong><\/h4>\n\n\n\n<p>Ce site Internet peut contenir des liens vers des sites Internet d\u2019autres fournisseurs. Notre salon n\u2019a aucune influence sur ces sites Internet, leurs contenus, offres ou disponibilit\u00e9, ni sur les d\u00e9clarations et dispositions relatives \u00e0 la protection des donn\u00e9es qui leur sont applicables et d\u00e9cline donc toute responsabilit\u00e9.<\/p>\n\n\n\n<h4 class=\"wp-block-heading\" style=\"margin-top:var(--wp--preset--spacing--40)\"><strong>3. Cookies et autres offres de services<\/strong><\/h4>\n\n\n\n<p>Institut La Vall\u00e9e peut utiliser des cookies sur son site Internet. Les cookies contiennent un identifiant unique qui associe les sites Internet et les serveurs \u00e0 un navigateur Internet pr\u00e9cis. Tout navigateur Internet peut \u00eatre reconnu et identifi\u00e9 au moyen de cet identifiant unique.<\/p>\n\n\n\n<p>\u200b<\/p>\n\n\n\n<p>De telles informations sur l\u2019utilisation de ce site Internet (y compris votre adresse IP) peuvent, par exemple avec l\u2019utilisation de Google Analytics, \u00eatre transmises \u00e0 des serveurs \u00e0 l\u2019\u00e9tranger et y \u00eatre stock\u00e9es. En poursuivant votre navigation sur notre site Internet, vous d\u00e9clarez accepter le transfert de ces donn\u00e9es.<\/p>\n\n\n\n<p>\u200b<\/p>\n\n\n\n<p>Notre salon peut utiliser d\u2019autres offres de services de prestataires tiers afin d\u2019int\u00e9grer dans notre site Internet leurs contenus et services, tels que des vid\u00e9os ou des contributions. Pour une telle int\u00e9gration, ces fournisseurs tiers doivent pouvoir collecter l\u2019adresse IP et d\u2019autres informations des personnes qui consultent ce site Internet. En poursuivant votre navigation sur notre site Internet, vous d\u00e9clarez accepter ce qui pr\u00e9c\u00e8de.<\/p>\n\n\n\n<p>\u200b<\/p>\n\n\n\n<p>Ce site Internet peut contenir des boutons (\u00ab plugins de m\u00e9dias sociaux \u00bb) qui \u00e9tablissent un contact avec les serveurs des r\u00e9seaux sociaux (Facebook, Twitter, Instagram, etc.). En cliquant sur l\u2019un de ces boutons, vous consentez \u00e0 ce que les donn\u00e9es n\u00e9cessaires comme l\u2019adresse IP, la navigation sur le site Internet, etc., soient transmises \u00e0 l\u2019exploitant du r\u00e9seau social concern\u00e9.<\/p>\n\n\n\n<p>\u200b<\/p>\n\n\n\n<h4 class=\"wp-block-heading\"><strong>4. O\u00f9 et comment nous stockons vos informations<\/strong><\/h4>\n\n\n\n<p>Notre entreprise est h\u00e9berg\u00e9e sur la plateforme WordPress. WordPress nous fournit la plateforme en ligne qui nous permet de vous vendre nos services. Vos donn\u00e9es peuvent \u00eatre stock\u00e9es par le biais du stockage de donn\u00e9es, des bases de donn\u00e9es et des applications g\u00e9n\u00e9rales de WordPress. Elles stockent vos donn\u00e9es sur des serveurs s\u00e9curis\u00e9s derri\u00e8re un pare-feu.<\/p>\n\n\n\n<p>\u200b<\/p>\n\n\n\n<h4 class=\"wp-block-heading\"><strong>5. Moyens de communication<\/strong><\/h4>\n\n\n\n<p>Le site Internet de notre salon contient certaines informations permettant une prise de contact rapide par voie \u00e9lectronique ainsi qu\u2019une communication imm\u00e9diate, ce qui inclut \u00e9galement une adresse e-mail g\u00e9n\u00e9rale. Si vous nous contactez par le biais des canaux de communication propos\u00e9s sur notre site Internet, vos coordonn\u00e9es et contenus ne seront utilis\u00e9s que pour traiter votre demande et y r\u00e9pondre. <\/p>\n\n\n\n<p>Remarque importante : la confidentialit\u00e9 ne pouvant \u00eatre garantie lors de la transmission de vos donn\u00e9es, il ne faut communiquer aucune donn\u00e9e confidentielle (question d\u2019ordre m\u00e9dical, etc.) lors de cette prise de contact.<\/p>\n\n\n\n<p>\u200b<\/p>\n\n\n\n<h4 class=\"wp-block-heading\"><strong>6. Vos droits<\/strong><\/h4>\n\n\n\n<p>La loi sur la protection des donn\u00e9es (LPD) vous octroie diff\u00e9rents droits, tels que le droit d\u2019acc\u00e8s. Veuillez vous adresser \u00e0 votre salon de coiffure pour faire valoir vos droits. Nous restons volontiers \u00e0 votre disposition pour toute information compl\u00e9mentaire \u00e0 ce sujet.<\/p>\n\n\n\n<h4 class=\"wp-block-heading\" style=\"margin-top:var(--wp--preset--spacing--50);margin-bottom:0\"><strong>7. Modifications<\/strong><\/h4>\n\n\n\n<p>Notre salon peut modifier la pr\u00e9sente d\u00e9claration de protection des donn\u00e9es en tout temps et sans pr\u00e9avis. La version applicable est celle qui est publi\u00e9e sur notre site Internet.<\/p>\n","protected":false},"excerpt":{"rendered":"<p>D\u00e9claration de protection des donn\u00e9es Bienvenue sur le site Internet de Institut La Vall\u00e9e. La d\u00e9claration de protection des donn\u00e9es suivante, qui s\u2019applique \u00e0 l\u2019utilisation de notre site Internet ainsi qu\u2019aux services qui y sont propos\u00e9s, vous informe sur la collecte de donn\u00e9es \u00e0 caract\u00e8re personnel lors de votre navigation. En utilisant ce site Internet, [&hellip;]<\/p>\n","protected":false},"author":1,"featured_media":0,"parent":0,"menu_order":0,"comment_status":"closed","ping_status":"closed","template":"","meta":{"footnotes":""},"class_list":["post-3","page","type-page","status-publish","hentry"],"yoast_head":"<!-- This site is optimized with the Yoast SEO plugin v26.2 - https:\/\/yoast.com\/wordpress\/plugins\/seo\/ -->\n<title>Privacy Policy - Institut La Vall\u00e9e<\/title>\n<meta name=\"robots\" content=\"noindex, follow\" \/>\n<meta property=\"og:locale\" content=\"fr_FR\" \/>\n<meta property=\"og:type\" content=\"article\" \/>\n<meta property=\"og:title\" content=\"Privacy Policy - Institut La Vall\u00e9e\" \/>\n<meta property=\"og:description\" content=\"D\u00e9claration de protection des donn\u00e9es Bienvenue sur le site Internet de Institut La Vall\u00e9e. La d\u00e9claration de protection des donn\u00e9es suivante, qui s\u2019applique \u00e0 l\u2019utilisation de notre site Internet ainsi qu\u2019aux services qui y sont propos\u00e9s, vous informe sur la collecte de donn\u00e9es \u00e0 caract\u00e8re personnel lors de votre navigation. En utilisant ce site Internet, [&hellip;]\" \/>\n<meta property=\"og:url\" content=\"https:\/\/insval.ch\/?page_id=3\" \/>\n<meta property=\"og:site_name\" content=\"Institut La Vall\u00e9e\" \/>\n<meta property=\"article:publisher\" content=\"https:\/\/www.facebook.com\/profile.php?id=61574974963996\" \/>\n<meta property=\"article:modified_time\" content=\"2025-03-09T12:42:32+00:00\" \/>\n<meta name=\"twitter:card\" content=\"summary_large_image\" \/>\n<meta name=\"twitter:label1\" content=\"Dur\u00e9e de lecture estim\u00e9e\" \/>\n\t<meta name=\"twitter:data1\" content=\"5 minutes\" \/>\n<script type=\"application\/ld+json\" class=\"yoast-schema-graph\">{\"@context\":\"https:\/\/schema.org\",\"@graph\":[{\"@type\":\"WebPage\",\"@id\":\"https:\/\/insval.ch\/?page_id=3\",\"url\":\"https:\/\/insval.ch\/?page_id=3\",\"name\":\"Privacy Policy - Institut La Vall\u00e9e\",\"isPartOf\":{\"@id\":\"https:\/\/insval.ch\/#website\"},\"datePublished\":\"2025-02-13T13:11:41+00:00\",\"dateModified\":\"2025-03-09T12:42:32+00:00\",\"breadcrumb\":{\"@id\":\"https:\/\/insval.ch\/?page_id=3#breadcrumb\"},\"inLanguage\":\"fr-FR\",\"potentialAction\":[{\"@type\":\"ReadAction\",\"target\":[\"https:\/\/insval.ch\/?page_id=3\"]}]},{\"@type\":\"BreadcrumbList\",\"@id\":\"https:\/\/insval.ch\/?page_id=3#breadcrumb\",\"itemListElement\":[{\"@type\":\"ListItem\",\"position\":1,\"name\":\"Accueil\",\"item\":\"https:\/\/insval.ch\/\"},{\"@type\":\"ListItem\",\"position\":2,\"name\":\"Privacy Policy\"}]},{\"@type\":\"WebSite\",\"@id\":\"https:\/\/insval.ch\/#website\",\"url\":\"https:\/\/insval.ch\/\",\"name\":\"Institut La Vall\u00e9e\",\"description\":\"\",\"publisher\":{\"@id\":\"https:\/\/insval.ch\/#organization\"},\"potentialAction\":[{\"@type\":\"SearchAction\",\"target\":{\"@type\":\"EntryPoint\",\"urlTemplate\":\"https:\/\/insval.ch\/?s={search_term_string}\"},\"query-input\":{\"@type\":\"PropertyValueSpecification\",\"valueRequired\":true,\"valueName\":\"search_term_string\"}}],\"inLanguage\":\"fr-FR\"},{\"@type\":\"Organization\",\"@id\":\"https:\/\/insval.ch\/#organization\",\"name\":\"Institut La Vall\u00e9e\",\"url\":\"https:\/\/insval.ch\/\",\"logo\":{\"@type\":\"ImageObject\",\"inLanguage\":\"fr-FR\",\"@id\":\"https:\/\/insval.ch\/#\/schema\/logo\/image\/\",\"url\":\"https:\/\/insval.ch\/wp-content\/uploads\/2025\/03\/cropped-Logo-Institut-La-Vallee.png\",\"contentUrl\":\"https:\/\/insval.ch\/wp-content\/uploads\/2025\/03\/cropped-Logo-Institut-La-Vallee.png\",\"width\":512,\"height\":512,\"caption\":\"Institut La Vall\u00e9e\"},\"image\":{\"@id\":\"https:\/\/insval.ch\/#\/schema\/logo\/image\/\"},\"sameAs\":[\"https:\/\/www.facebook.com\/profile.php?id=61574974963996\"]}]}<\/script>\n<!-- \/ Yoast SEO plugin. -->","yoast_head_json":{"title":"Privacy Policy - Institut La Vall\u00e9e","robots":{"index":"noindex","follow":"follow"},"og_locale":"fr_FR","og_type":"article","og_title":"Privacy Policy - Institut La Vall\u00e9e","og_description":"D\u00e9claration de protection des donn\u00e9es Bienvenue sur le site Internet de Institut La Vall\u00e9e. La d\u00e9claration de protection des donn\u00e9es suivante, qui s\u2019applique \u00e0 l\u2019utilisation de notre site Internet ainsi qu\u2019aux services qui y sont propos\u00e9s, vous informe sur la collecte de donn\u00e9es \u00e0 caract\u00e8re personnel lors de votre navigation. En utilisant ce site Internet, [&hellip;]","og_url":"https:\/\/insval.ch\/?page_id=3","og_site_name":"Institut La Vall\u00e9e","article_publisher":"https:\/\/www.facebook.com\/profile.php?id=61574974963996","article_modified_time":"2025-03-09T12:42:32+00:00","twitter_card":"summary_large_image","twitter_misc":{"Dur\u00e9e de lecture estim\u00e9e":"5 minutes"},"schema":{"@context":"https:\/\/schema.org","@graph":[{"@type":"WebPage","@id":"https:\/\/insval.ch\/?page_id=3","url":"https:\/\/insval.ch\/?page_id=3","name":"Privacy Policy - Institut La Vall\u00e9e","isPartOf":{"@id":"https:\/\/insval.ch\/#website"},"datePublished":"2025-02-13T13:11:41+00:00","dateModified":"2025-03-09T12:42:32+00:00","breadcrumb":{"@id":"https:\/\/insval.ch\/?page_id=3#breadcrumb"},"inLanguage":"fr-FR","potentialAction":[{"@type":"ReadAction","target":["https:\/\/insval.ch\/?page_id=3"]}]},{"@type":"BreadcrumbList","@id":"https:\/\/insval.ch\/?page_id=3#breadcrumb","itemListElement":[{"@type":"ListItem","position":1,"name":"Accueil","item":"https:\/\/insval.ch\/"},{"@type":"ListItem","position":2,"name":"Privacy Policy"}]},{"@type":"WebSite","@id":"https:\/\/insval.ch\/#website","url":"https:\/\/insval.ch\/","name":"Institut La Vall\u00e9e","description":"","publisher":{"@id":"https:\/\/insval.ch\/#organization"},"potentialAction":[{"@type":"SearchAction","target":{"@type":"EntryPoint","urlTemplate":"https:\/\/insval.ch\/?s={search_term_string}"},"query-input":{"@type":"PropertyValueSpecification","valueRequired":true,"valueName":"search_term_string"}}],"inLanguage":"fr-FR"},{"@type":"Organization","@id":"https:\/\/insval.ch\/#organization","name":"Institut La Vall\u00e9e","url":"https:\/\/insval.ch\/","logo":{"@type":"ImageObject","inLanguage":"fr-FR","@id":"https:\/\/insval.ch\/#\/schema\/logo\/image\/","url":"https:\/\/insval.ch\/wp-content\/uploads\/2025\/03\/cropped-Logo-Institut-La-Vallee.png","contentUrl":"https:\/\/insval.ch\/wp-content\/uploads\/2025\/03\/cropped-Logo-Institut-La-Vallee.png","width":512,"height":512,"caption":"Institut La Vall\u00e9e"},"image":{"@id":"https:\/\/insval.ch\/#\/schema\/logo\/image\/"},"sameAs":["https:\/\/www.facebook.com\/profile.php?id=61574974963996"]}]}},"_links":{"self":[{"href":"https:\/\/insval.ch\/index.php?rest_route=\/wp\/v2\/pages\/3","targetHints":{"allow":["GET"]}}],"collection":[{"href":"https:\/\/insval.ch\/index.php?rest_route=\/wp\/v2\/pages"}],"about":[{"href":"https:\/\/insval.ch\/index.php?rest_route=\/wp\/v2\/types\/page"}],"author":[{"embeddable":true,"href":"https:\/\/insval.ch\/index.php?rest_route=\/wp\/v2\/users\/1"}],"replies":[{"embeddable":true,"href":"https:\/\/insval.ch\/index.php?rest_route=%2Fwp%2Fv2%2Fcomments&post=3"}],"version-history":[{"count":5,"href":"https:\/\/insval.ch\/index.php?rest_route=\/wp\/v2\/pages\/3\/revisions"}],"predecessor-version":[{"id":175,"href":"https:\/\/insval.ch\/index.php?rest_route=\/wp\/v2\/pages\/3\/revisions\/175"}],"wp:attachment":[{"href":"https:\/\/insval.ch\/index.php?rest_route=%2Fwp%2Fv2%2Fmedia&parent=3"}],"curies":[{"name":"wp","href":"https:\/\/api.w.org\/{rel}","templated":true}]}}